{"id":5201,"date":"2026-03-12T11:06:00","date_gmt":"2026-03-12T11:06:00","guid":{"rendered":"https:\/\/perspektiva.pt\/?page_id=5201"},"modified":"2026-03-12T11:57:24","modified_gmt":"2026-03-12T11:57:24","slug":"origami-art-villa","status":"publish","type":"page","link":"https:\/\/perspektiva.pt\/index.php\/origami-art-villa\/","title":{"rendered":"ORIGAMI ART VILLA"},"content":{"rendered":"\t\t<div data-elementor-type=\"wp-page\" data-elementor-id=\"5201\" class=\"elementor elementor-5201\" data-elementor-post-type=\"page\">\n\t\t\t\t<div class=\"elementor-element elementor-element-706884c3 e-con-full e-flex e-con e-parent\" data-id=\"706884c3\" data-element_type=\"container\" data-settings=\"{&quot;background_background&quot;:&quot;classic&quot;}\">\n\t\t\t\t<\/div>\n\t\t<div class=\"elementor-element elementor-element-61022b1a e-con-full e-flex e-con e-parent\" data-id=\"61022b1a\" data-element_type=\"container\">\n\t\t<div class=\"elementor-element elementor-element-5078adde e-con-full e-flex e-con e-child\" data-id=\"5078adde\" data-element_type=\"container\">\n\t\t\t\t<div class=\"elementor-element elementor-element-6f9b8cfd elementor-invisible elementor-widget elementor-widget-button\" data-id=\"6f9b8cfd\" data-element_type=\"widget\" data-settings=\"{&quot;_animation&quot;:&quot;fadeIn&quot;}\" data-widget_type=\"button.default\">\n\t\t\t\t<div class=\"elementor-widget-container\">\n\t\t\t\t\t\t\t\t\t<div class=\"elementor-button-wrapper\">\n\t\t\t\t\t<a class=\"elementor-button elementor-button-link elementor-size-sm\" href=\"https:\/\/perspektiva.pt\/index.php\/casos-de-sucesso\/\">\n\t\t\t\t\t\t<span class=\"elementor-button-content-wrapper\">\n\t\t\t\t\t\t\t\t\t<span class=\"elementor-button-text\">TODOS<\/span>\n\t\t\t\t\t<\/span>\n\t\t\t\t\t<\/a>\n\t\t\t\t<\/div>\n\t\t\t\t\t\t\t\t<\/div>\n\t\t\t\t<\/div>\n\t\t\t\t<\/div>\n\t\t<div class=\"elementor-element elementor-element-53a92959 e-con-full e-flex e-con e-child\" data-id=\"53a92959\" data-element_type=\"container\">\n\t\t\t\t<div class=\"elementor-element elementor-element-19770869 elementor-invisible elementor-widget elementor-widget-heading\" data-id=\"19770869\" data-element_type=\"widget\" data-settings=\"{&quot;_animation&quot;:&quot;fadeIn&quot;}\" data-widget_type=\"heading.default\">\n\t\t\t\t<div class=\"elementor-widget-container\">\n\t\t\t\t\t<h1 class=\"elementor-heading-title elementor-size-default\">ORIGAMI ART VILLA<\/h1>\t\t\t\t<\/div>\n\t\t\t\t<\/div>\n\t\t\t\t<div class=\"elementor-element elementor-element-5b4d1f0c elementor-invisible elementor-widget elementor-widget-heading\" data-id=\"5b4d1f0c\" data-element_type=\"widget\" data-settings=\"{&quot;_animation&quot;:&quot;fadeIn&quot;}\" data-widget_type=\"heading.default\">\n\t\t\t\t<div class=\"elementor-widget-container\">\n\t\t\t\t\t<h2 class=\"elementor-heading-title elementor-size-default\">Foz do Arelho<\/h2>\t\t\t\t<\/div>\n\t\t\t\t<\/div>\n\t\t\t\t<div class=\"elementor-element elementor-element-666153a6 elementor-invisible elementor-widget elementor-widget-heading\" data-id=\"666153a6\" data-element_type=\"widget\" data-settings=\"{&quot;_animation&quot;:&quot;fadeIn&quot;}\" data-widget_type=\"heading.default\">\n\t\t\t\t<div class=\"elementor-widget-container\">\n\t\t\t\t\t<h2 class=\"elementor-heading-title elementor-size-default\">Caldas da Rainha, Portugal<\/h2>\t\t\t\t<\/div>\n\t\t\t\t<\/div>\n\t\t\t\t<\/div>\n\t\t\t\t<\/div>\n\t\t<div class=\"elementor-element elementor-element-7f5c46fe e-con-full e-flex e-con e-parent\" data-id=\"7f5c46fe\" data-element_type=\"container\" data-settings=\"{&quot;background_background&quot;:&quot;classic&quot;}\">\n\t\t<div class=\"elementor-element elementor-element-157d40d7 e-con-full e-flex e-con e-child\" data-id=\"157d40d7\" data-element_type=\"container\">\n\t\t\t\t<\/div>\n\t\t<div class=\"elementor-element elementor-element-72ae8ca3 e-con-full e-flex e-con e-child\" data-id=\"72ae8ca3\" data-element_type=\"container\">\n\t\t<div class=\"elementor-element elementor-element-2955b82c e-con-full e-flex elementor-invisible e-con e-child\" data-id=\"2955b82c\" data-element_type=\"container\" data-settings=\"{&quot;animation&quot;:&quot;fadeInRight&quot;}\">\n\t\t\t\t<div class=\"elementor-element elementor-element-5ecf7c3c elementor-widget elementor-widget-heading\" data-id=\"5ecf7c3c\" data-element_type=\"widget\" data-widget_type=\"heading.default\">\n\t\t\t\t<div class=\"elementor-widget-container\">\n\t\t\t\t\t<h3 class=\"elementor-heading-title elementor-size-default\"><a href=\"https:\/\/anicolor.pt\/pt\" target=\"_blank\">Sistemas <b>Anicolor<\/b><\/a><\/h3>\t\t\t\t<\/div>\n\t\t\t\t<\/div>\n\t\t\t\t<div class=\"elementor-element elementor-element-14b07c33 elementor-widget elementor-widget-text-editor\" data-id=\"14b07c33\" data-element_type=\"widget\" data-widget_type=\"text-editor.default\">\n\t\t\t\t<div class=\"elementor-widget-container\">\n\t\t\t\t\t\t\t\t\t<div class=\"page\" title=\"Page 6\"><div class=\"section\"><div class=\"layoutArea\"><div class=\"column\"><div class=\"page\" title=\"Page 1\"><div class=\"layoutArea\"><div class=\"column\"><p>AJi Folha Oculta S\u00e9rie CW<\/p><\/div><\/div><\/div><\/div><\/div><\/div><\/div>\t\t\t\t\t\t\t\t<\/div>\n\t\t\t\t<\/div>\n\t\t\t\t<\/div>\n\t\t\t\t<\/div>\n\t\t<div class=\"elementor-element elementor-element-f792340 e-con-full elementor-hidden-desktop elementor-hidden-mobile e-flex e-con e-child\" data-id=\"f792340\" data-element_type=\"container\">\n\t\t\t\t<\/div>\n\t\t<div class=\"elementor-element elementor-element-15b92458 e-con-full e-flex e-con e-child\" data-id=\"15b92458\" data-element_type=\"container\">\n\t\t<div class=\"elementor-element elementor-element-2a184de e-con-full e-flex elementor-invisible e-con e-child\" data-id=\"2a184de\" data-element_type=\"container\" data-settings=\"{&quot;animation&quot;:&quot;fadeInRight&quot;}\">\n\t\t\t\t<div class=\"elementor-element elementor-element-197ce4e0 elementor-widget elementor-widget-heading\" data-id=\"197ce4e0\" data-element_type=\"widget\" data-widget_type=\"heading.default\">\n\t\t\t\t<div class=\"elementor-widget-container\">\n\t\t\t\t\t<h3 class=\"elementor-heading-title elementor-size-default\"><a href=\"https:\/\/www.saint-gobain.pt\/\" target=\"_blank\">Vidros <b>Saint-Gobain<\/b><\/a><\/h3>\t\t\t\t<\/div>\n\t\t\t\t<\/div>\n\t\t\t\t<div class=\"elementor-element elementor-element-4847e5b9 elementor-widget elementor-widget-text-editor\" data-id=\"4847e5b9\" data-element_type=\"widget\" data-widget_type=\"text-editor.default\">\n\t\t\t\t<div class=\"elementor-widget-container\">\n\t\t\t\t\t\t\t\t\t<div class=\"page\" title=\"Page 1\"><div class=\"layoutArea\"><div class=\"column\"><p>Vidro Cool-Lite ST<\/p><\/div><\/div><\/div>\t\t\t\t\t\t\t\t<\/div>\n\t\t\t\t<\/div>\n\t\t\t\t<\/div>\n\t\t\t\t<\/div>\n\t\t\t\t<\/div>\n\t\t<div class=\"elementor-element elementor-element-4ee9f0a1 e-con-full e-flex e-con e-parent\" data-id=\"4ee9f0a1\" data-element_type=\"container\">\n\t\t\t\t<div class=\"elementor-element elementor-element-65b33cf0 elementor-widget__width-inherit elementor-invisible elementor-widget elementor-widget-image-carousel\" data-id=\"65b33cf0\" data-element_type=\"widget\" data-settings=\"{&quot;slides_to_show&quot;:&quot;2&quot;,&quot;navigation&quot;:&quot;none&quot;,&quot;lazyload&quot;:&quot;yes&quot;,&quot;autoplay_speed&quot;:2000,&quot;_animation&quot;:&quot;fadeInUp&quot;,&quot;autoplay&quot;:&quot;yes&quot;,&quot;pause_on_hover&quot;:&quot;yes&quot;,&quot;pause_on_interaction&quot;:&quot;yes&quot;,&quot;infinite&quot;:&quot;yes&quot;,&quot;speed&quot;:500}\" data-widget_type=\"image-carousel.default\">\n\t\t\t\t<div class=\"elementor-widget-container\">\n\t\t\t\t\t\t\t<div class=\"elementor-image-carousel-wrapper swiper\" role=\"region\" aria-roledescription=\"carousel\" aria-label=\"VILLA MAR \u00c0 VISTA\" dir=\"ltr\">\n\t\t\t<div class=\"elementor-image-carousel swiper-wrapper\" aria-live=\"off\">\n\t\t\t\t\t\t\t\t<div class=\"swiper-slide\" role=\"group\" aria-roledescription=\"slide\" aria-label=\"1 of 5\"><figure class=\"swiper-slide-inner\"><img class=\"swiper-slide-image swiper-lazy\" data-src=\"https:\/\/perspektiva.pt\/wp-content\/uploads\/2026\/03\/ORIGAMI_ART_VILLA_C.jpg\" alt=\"Fotografia de arquitetura residencial contempor\u00e2nea em Paredes da Vit\u00f3ria, Portugal, destacando a clareza volum\u00e9trica, a rela\u00e7\u00e3o entre interior e exterior, a luz natural e a materialidade do projeto.\r\rProjeto de habita\u00e7\u00e3o unifamiliar desenhado pelo arquiteto Nuno Morais e constru\u00eddo pela Pascal, integrando arquitetura de autor, paisagem e qualidade construtiva.\r\rFotografia de arquitetura e interiores por Joas Souza, fot\u00f3grafo especializado em arquitetura contempor\u00e2nea, design de interiores e projetos residenciais de alto n\u00edvel em Portugal.\" \/><div class=\"swiper-lazy-preloader\"><\/div><\/figure><\/div><div class=\"swiper-slide\" role=\"group\" aria-roledescription=\"slide\" aria-label=\"2 of 5\"><figure class=\"swiper-slide-inner\"><img class=\"swiper-slide-image swiper-lazy\" data-src=\"https:\/\/perspektiva.pt\/wp-content\/uploads\/2026\/03\/ORIGAMI_ART_VILLA_E.jpg\" alt=\"Fotografia de arquitetura residencial contempor\u00e2nea em Paredes da Vit\u00f3ria, Portugal, destacando a clareza volum\u00e9trica, a rela\u00e7\u00e3o entre interior e exterior, a luz natural e a materialidade do projeto.\r\rProjeto de habita\u00e7\u00e3o unifamiliar desenhado pelo arquiteto Nuno Morais e constru\u00eddo pela Pascal, integrando arquitetura de autor, paisagem e qualidade construtiva.\r\rFotografia de arquitetura e interiores por Joas Souza, fot\u00f3grafo especializado em arquitetura contempor\u00e2nea, design de interiores e projetos residenciais de alto n\u00edvel em Portugal.\" \/><div class=\"swiper-lazy-preloader\"><\/div><\/figure><\/div><div class=\"swiper-slide\" role=\"group\" aria-roledescription=\"slide\" aria-label=\"3 of 5\"><figure class=\"swiper-slide-inner\"><img class=\"swiper-slide-image swiper-lazy\" data-src=\"https:\/\/perspektiva.pt\/wp-content\/uploads\/2026\/03\/ORIGAMI_ART_VILLA_D.jpg\" alt=\"Fotografia de arquitetura residencial contempor\u00e2nea em Paredes da Vit\u00f3ria, Portugal, destacando a clareza volum\u00e9trica, a rela\u00e7\u00e3o entre interior e exterior, a luz natural e a materialidade do projeto.\r\rProjeto de habita\u00e7\u00e3o unifamiliar desenhado pelo arquiteto Nuno Morais e constru\u00eddo pela Pascal, integrando arquitetura de autor, paisagem e qualidade construtiva.\r\rFotografia de arquitetura e interiores por Joas Souza, fot\u00f3grafo especializado em arquitetura contempor\u00e2nea, design de interiores e projetos residenciais de alto n\u00edvel em Portugal.\" \/><div class=\"swiper-lazy-preloader\"><\/div><\/figure><\/div><div class=\"swiper-slide\" role=\"group\" aria-roledescription=\"slide\" aria-label=\"4 of 5\"><figure class=\"swiper-slide-inner\"><img class=\"swiper-slide-image swiper-lazy\" data-src=\"https:\/\/perspektiva.pt\/wp-content\/uploads\/2026\/03\/ORIGAMI_ART_VILLA_H.jpg\" alt=\"Fotografia de arquitetura residencial contempor\u00e2nea em Paredes da Vit\u00f3ria, Portugal, destacando a clareza volum\u00e9trica, a rela\u00e7\u00e3o entre interior e exterior, a luz natural e a materialidade do projeto.\n\nProjeto de habita\u00e7\u00e3o unifamiliar desenhado pelo arquiteto Nuno Morais e constru\u00eddo pela Pascal, integrando arquitetura de autor, paisagem e qualidade construtiva.\n\nFotografia de arquitetura e interiores por Joas Souza, fot\u00f3grafo especializado em arquitetura contempor\u00e2nea, design de interiores e projetos residenciais de alto n\u00edvel em Portugal.\" \/><div class=\"swiper-lazy-preloader\"><\/div><\/figure><\/div><div class=\"swiper-slide\" role=\"group\" aria-roledescription=\"slide\" aria-label=\"5 of 5\"><figure class=\"swiper-slide-inner\"><img class=\"swiper-slide-image swiper-lazy\" data-src=\"https:\/\/perspektiva.pt\/wp-content\/uploads\/2026\/03\/ORIGAMI_ART_VILLA_F.jpg\" alt=\"Fotografia de arquitetura residencial contempor\u00e2nea em Paredes da Vit\u00f3ria, Portugal, destacando a clareza volum\u00e9trica, a rela\u00e7\u00e3o entre interior e exterior, a luz natural e a materialidade do projeto.\r\rProjeto de habita\u00e7\u00e3o unifamiliar desenhado pelo arquiteto Nuno Morais e constru\u00eddo pela Pascal, integrando arquitetura de autor, paisagem e qualidade construtiva.\r\rFotografia de arquitetura e interiores por Joas Souza, fot\u00f3grafo especializado em arquitetura contempor\u00e2nea, design de interiores e projetos residenciais de alto n\u00edvel em Portugal.\" \/><div class=\"swiper-lazy-preloader\"><\/div><\/figure><\/div>\t\t\t<\/div>\n\t\t\t\t\t\t\t\n\t\t\t\t\t\t\t\t\t<\/div>\n\t\t\t\t\t\t<\/div>\n\t\t\t\t<\/div>\n\t\t\t\t<\/div>\n\t\t\t\t<\/div>\n\t\t","protected":false},"excerpt":{"rendered":"<p>TODOS ORIGAMI ART VILLA Foz do Arelho Caldas da Rainha, Portugal Sistemas Anicolor AJi Folha Oculta S\u00e9rie CW Vidros Saint-Gobain Vidro Cool-Lite ST<\/p>\n","protected":false},"author":1,"featured_media":0,"parent":0,"menu_order":0,"comment_status":"closed","ping_status":"closed","template":"elementor_header_footer","meta":{"footnotes":""},"class_list":["post-5201","page","type-page","status-publish","hentry"],"yoast_head":"<!-- This site is optimized with the Yoast SEO plugin v27.1.1 - https:\/\/yoast.com\/product\/yoast-seo-wordpress\/ -->\n<title>ORIGAMI ART VILLA &#183; PERSPEKTIVA<\/title>\n<meta name=\"robots\" content=\"index, follow, max-snippet:-1, max-image-preview:large, max-video-preview:-1\" \/>\n<link rel=\"canonical\" href=\"https:\/\/perspektiva.pt\/index.php\/origami-art-villa\/\" \/>\n<meta property=\"og:locale\" content=\"pt_PT\" \/>\n<meta property=\"og:type\" content=\"article\" \/>\n<meta property=\"og:title\" content=\"ORIGAMI ART VILLA &#183; PERSPEKTIVA\" \/>\n<meta property=\"og:description\" content=\"TODOS ORIGAMI ART VILLA Foz do Arelho Caldas da Rainha, Portugal Sistemas Anicolor AJi Folha Oculta S\u00e9rie CW Vidros Saint-Gobain Vidro Cool-Lite ST\" \/>\n<meta property=\"og:url\" content=\"https:\/\/perspektiva.pt\/index.php\/origami-art-villa\/\" \/>\n<meta property=\"og:site_name\" content=\"PERSPEKTIVA\" \/>\n<meta property=\"article:publisher\" content=\"https:\/\/www.facebook.com\/janelasdomondego\/\" \/>\n<meta property=\"article:modified_time\" content=\"2026-03-12T11:57:24+00:00\" \/>\n<meta property=\"og:image\" content=\"https:\/\/perspektiva.pt\/wp-content\/uploads\/2026\/03\/ORIGAMI_ART_VILLA_C.jpg\" \/>\n<script type=\"application\/ld+json\" class=\"yoast-schema-graph\">{\"@context\":\"https:\/\/schema.org\",\"@graph\":[{\"@type\":\"WebPage\",\"@id\":\"https:\/\/perspektiva.pt\/index.php\/origami-art-villa\/\",\"url\":\"https:\/\/perspektiva.pt\/index.php\/origami-art-villa\/\",\"name\":\"ORIGAMI ART VILLA &#183; PERSPEKTIVA\",\"isPartOf\":{\"@id\":\"https:\/\/perspektiva.pt\/#website\"},\"primaryImageOfPage\":{\"@id\":\"https:\/\/perspektiva.pt\/index.php\/origami-art-villa\/#primaryimage\"},\"image\":{\"@id\":\"https:\/\/perspektiva.pt\/index.php\/origami-art-villa\/#primaryimage\"},\"thumbnailUrl\":\"https:\/\/perspektiva.pt\/wp-content\/uploads\/2026\/03\/ORIGAMI_ART_VILLA_C.jpg\",\"datePublished\":\"2026-03-12T11:06:00+00:00\",\"dateModified\":\"2026-03-12T11:57:24+00:00\",\"breadcrumb\":{\"@id\":\"https:\/\/perspektiva.pt\/index.php\/origami-art-villa\/#breadcrumb\"},\"inLanguage\":\"pt-PT\",\"potentialAction\":[{\"@type\":\"ReadAction\",\"target\":[\"https:\/\/perspektiva.pt\/index.php\/origami-art-villa\/\"]}]},{\"@type\":\"ImageObject\",\"inLanguage\":\"pt-PT\",\"@id\":\"https:\/\/perspektiva.pt\/index.php\/origami-art-villa\/#primaryimage\",\"url\":\"https:\/\/perspektiva.pt\/wp-content\/uploads\/2026\/03\/ORIGAMI_ART_VILLA_C.jpg\",\"contentUrl\":\"https:\/\/perspektiva.pt\/wp-content\/uploads\/2026\/03\/ORIGAMI_ART_VILLA_C.jpg\",\"width\":2500,\"height\":1875,\"caption\":\"Fotografia de arquitetura residencial contempor\u00e2nea em Paredes da Vit\u00f3ria, Portugal, destacando a clareza volum\u00e9trica, a rela\u00e7\u00e3o entre interior e exterior, a luz natural e a materialidade do projeto. Projeto de habita\u00e7\u00e3o unifamiliar desenhado pelo arquiteto Nuno Morais e constru\u00eddo pela Pascal, integrando arquitetura de autor, paisagem e qualidade construtiva. Fotografia de arquitetura e interiores por Joas Souza, fot\u00f3grafo especializado em arquitetura contempor\u00e2nea, design de interiores e projetos residenciais de alto n\u00edvel em Portugal.\"},{\"@type\":\"BreadcrumbList\",\"@id\":\"https:\/\/perspektiva.pt\/index.php\/origami-art-villa\/#breadcrumb\",\"itemListElement\":[{\"@type\":\"ListItem\",\"position\":1,\"name\":\"In\u00edcio\",\"item\":\"https:\/\/perspektiva.pt\/\"},{\"@type\":\"ListItem\",\"position\":2,\"name\":\"ORIGAMI ART VILLA\"}]},{\"@type\":\"WebSite\",\"@id\":\"https:\/\/perspektiva.pt\/#website\",\"url\":\"https:\/\/perspektiva.pt\/\",\"name\":\"PERSPEKTIVA\",\"description\":\"Sistemas de Caixilharia de Alum\u00ednio e PVC\",\"publisher\":{\"@id\":\"https:\/\/perspektiva.pt\/#organization\"},\"potentialAction\":[{\"@type\":\"SearchAction\",\"target\":{\"@type\":\"EntryPoint\",\"urlTemplate\":\"https:\/\/perspektiva.pt\/?s={search_term_string}\"},\"query-input\":{\"@type\":\"PropertyValueSpecification\",\"valueRequired\":true,\"valueName\":\"search_term_string\"}}],\"inLanguage\":\"pt-PT\"},{\"@type\":\"Organization\",\"@id\":\"https:\/\/perspektiva.pt\/#organization\",\"name\":\"PERSPEKTIVA\",\"alternateName\":\"Perspektiva\",\"url\":\"https:\/\/perspektiva.pt\/\",\"logo\":{\"@type\":\"ImageObject\",\"inLanguage\":\"pt-PT\",\"@id\":\"https:\/\/perspektiva.pt\/#\/schema\/logo\/image\/\",\"url\":\"https:\/\/perspektiva.pt\/wp-content\/uploads\/2025\/08\/cropped-LOGO_COPY-01.png\",\"contentUrl\":\"https:\/\/perspektiva.pt\/wp-content\/uploads\/2025\/08\/cropped-LOGO_COPY-01.png\",\"width\":2062,\"height\":589,\"caption\":\"PERSPEKTIVA\"},\"image\":{\"@id\":\"https:\/\/perspektiva.pt\/#\/schema\/logo\/image\/\"},\"sameAs\":[\"https:\/\/www.facebook.com\/janelasdomondego\/\",\"https:\/\/www.linkedin.com\/company\/perspektiva-pt\/\",\"https:\/\/www.instagram.com\/perspektiva.pt\/\"]}]}<\/script>\n<!-- \/ Yoast SEO plugin. -->","yoast_head_json":{"title":"ORIGAMI ART VILLA &#183; PERSPEKTIVA","robots":{"index":"index","follow":"follow","max-snippet":"max-snippet:-1","max-image-preview":"max-image-preview:large","max-video-preview":"max-video-preview:-1"},"canonical":"https:\/\/perspektiva.pt\/index.php\/origami-art-villa\/","og_locale":"pt_PT","og_type":"article","og_title":"ORIGAMI ART VILLA &#183; PERSPEKTIVA","og_description":"TODOS ORIGAMI ART VILLA Foz do Arelho Caldas da Rainha, Portugal Sistemas Anicolor AJi Folha Oculta S\u00e9rie CW Vidros Saint-Gobain Vidro Cool-Lite ST","og_url":"https:\/\/perspektiva.pt\/index.php\/origami-art-villa\/","og_site_name":"PERSPEKTIVA","article_publisher":"https:\/\/www.facebook.com\/janelasdomondego\/","article_modified_time":"2026-03-12T11:57:24+00:00","og_image":[{"url":"https:\/\/perspektiva.pt\/wp-content\/uploads\/2026\/03\/ORIGAMI_ART_VILLA_C.jpg","type":"","width":"","height":""}],"schema":{"@context":"https:\/\/schema.org","@graph":[{"@type":"WebPage","@id":"https:\/\/perspektiva.pt\/index.php\/origami-art-villa\/","url":"https:\/\/perspektiva.pt\/index.php\/origami-art-villa\/","name":"ORIGAMI ART VILLA &#183; PERSPEKTIVA","isPartOf":{"@id":"https:\/\/perspektiva.pt\/#website"},"primaryImageOfPage":{"@id":"https:\/\/perspektiva.pt\/index.php\/origami-art-villa\/#primaryimage"},"image":{"@id":"https:\/\/perspektiva.pt\/index.php\/origami-art-villa\/#primaryimage"},"thumbnailUrl":"https:\/\/perspektiva.pt\/wp-content\/uploads\/2026\/03\/ORIGAMI_ART_VILLA_C.jpg","datePublished":"2026-03-12T11:06:00+00:00","dateModified":"2026-03-12T11:57:24+00:00","breadcrumb":{"@id":"https:\/\/perspektiva.pt\/index.php\/origami-art-villa\/#breadcrumb"},"inLanguage":"pt-PT","potentialAction":[{"@type":"ReadAction","target":["https:\/\/perspektiva.pt\/index.php\/origami-art-villa\/"]}]},{"@type":"ImageObject","inLanguage":"pt-PT","@id":"https:\/\/perspektiva.pt\/index.php\/origami-art-villa\/#primaryimage","url":"https:\/\/perspektiva.pt\/wp-content\/uploads\/2026\/03\/ORIGAMI_ART_VILLA_C.jpg","contentUrl":"https:\/\/perspektiva.pt\/wp-content\/uploads\/2026\/03\/ORIGAMI_ART_VILLA_C.jpg","width":2500,"height":1875,"caption":"Fotografia de arquitetura residencial contempor\u00e2nea em Paredes da Vit\u00f3ria, Portugal, destacando a clareza volum\u00e9trica, a rela\u00e7\u00e3o entre interior e exterior, a luz natural e a materialidade do projeto. Projeto de habita\u00e7\u00e3o unifamiliar desenhado pelo arquiteto Nuno Morais e constru\u00eddo pela Pascal, integrando arquitetura de autor, paisagem e qualidade construtiva. Fotografia de arquitetura e interiores por Joas Souza, fot\u00f3grafo especializado em arquitetura contempor\u00e2nea, design de interiores e projetos residenciais de alto n\u00edvel em Portugal."},{"@type":"BreadcrumbList","@id":"https:\/\/perspektiva.pt\/index.php\/origami-art-villa\/#breadcrumb","itemListElement":[{"@type":"ListItem","position":1,"name":"In\u00edcio","item":"https:\/\/perspektiva.pt\/"},{"@type":"ListItem","position":2,"name":"ORIGAMI ART VILLA"}]},{"@type":"WebSite","@id":"https:\/\/perspektiva.pt\/#website","url":"https:\/\/perspektiva.pt\/","name":"PERSPEKTIVA","description":"Sistemas de Caixilharia de Alum\u00ednio e PVC","publisher":{"@id":"https:\/\/perspektiva.pt\/#organization"},"potentialAction":[{"@type":"SearchAction","target":{"@type":"EntryPoint","urlTemplate":"https:\/\/perspektiva.pt\/?s={search_term_string}"},"query-input":{"@type":"PropertyValueSpecification","valueRequired":true,"valueName":"search_term_string"}}],"inLanguage":"pt-PT"},{"@type":"Organization","@id":"https:\/\/perspektiva.pt\/#organization","name":"PERSPEKTIVA","alternateName":"Perspektiva","url":"https:\/\/perspektiva.pt\/","logo":{"@type":"ImageObject","inLanguage":"pt-PT","@id":"https:\/\/perspektiva.pt\/#\/schema\/logo\/image\/","url":"https:\/\/perspektiva.pt\/wp-content\/uploads\/2025\/08\/cropped-LOGO_COPY-01.png","contentUrl":"https:\/\/perspektiva.pt\/wp-content\/uploads\/2025\/08\/cropped-LOGO_COPY-01.png","width":2062,"height":589,"caption":"PERSPEKTIVA"},"image":{"@id":"https:\/\/perspektiva.pt\/#\/schema\/logo\/image\/"},"sameAs":["https:\/\/www.facebook.com\/janelasdomondego\/","https:\/\/www.linkedin.com\/company\/perspektiva-pt\/","https:\/\/www.instagram.com\/perspektiva.pt\/"]}]}},"_links":{"self":[{"href":"https:\/\/perspektiva.pt\/index.php\/wp-json\/wp\/v2\/pages\/5201","targetHints":{"allow":["GET"]}}],"collection":[{"href":"https:\/\/perspektiva.pt\/index.php\/wp-json\/wp\/v2\/pages"}],"about":[{"href":"https:\/\/perspektiva.pt\/index.php\/wp-json\/wp\/v2\/types\/page"}],"author":[{"embeddable":true,"href":"https:\/\/perspektiva.pt\/index.php\/wp-json\/wp\/v2\/users\/1"}],"replies":[{"embeddable":true,"href":"https:\/\/perspektiva.pt\/index.php\/wp-json\/wp\/v2\/comments?post=5201"}],"version-history":[{"count":31,"href":"https:\/\/perspektiva.pt\/index.php\/wp-json\/wp\/v2\/pages\/5201\/revisions"}],"predecessor-version":[{"id":5254,"href":"https:\/\/perspektiva.pt\/index.php\/wp-json\/wp\/v2\/pages\/5201\/revisions\/5254"}],"wp:attachment":[{"href":"https:\/\/perspektiva.pt\/index.php\/wp-json\/wp\/v2\/media?parent=5201"}],"curies":[{"name":"wp","href":"https:\/\/api.w.org\/{rel}","templated":true}]}}